{"id":443,"date":"2025-07-16T11:14:14","date_gmt":"2025-07-16T09:14:14","guid":{"rendered":"https:\/\/ferienwohnungen-walter.de\/?page_id=443"},"modified":"2026-01-16T12:44:45","modified_gmt":"2026-01-16T11:44:45","slug":"wohnung-5","status":"publish","type":"page","link":"https:\/\/ferienwohnungen-walter.de\/en\/wohnung-5\/","title":{"rendered":"Wohnung 5"},"content":{"rendered":"<div data-elementor-type=\"wp-page\" data-elementor-id=\"443\" class=\"elementor elementor-443\" data-elementor-post-type=\"page\">\n\t\t\t\t<div class=\"elementor-element elementor-element-0d43fa2 e-con-full e-flex e-con e-parent\" data-id=\"0d43fa2\" data-element_type=\"container\" data-e-type=\"container\" data-settings=\"{&quot;background_background&quot;:&quot;classic&quot;}\">\n\t\t\t\t<div class=\"elementor-element elementor-element-3ddcb21 elementor-mobile-align-center elementor-widget elementor-widget-button\" data-id=\"3ddcb21\" data-element_type=\"widget\" data-e-type=\"widget\" data-widget_type=\"button.default\">\n\t\t\t\t<div class=\"elementor-widget-container\">\n\t\t\t\t\t\t\t\t\t<div class=\"elementor-button-wrapper\">\n\t\t\t\t\t<a class=\"elementor-button elementor-button-link elementor-size-sm\" href=\"https:\/\/ferienwohnungen-walter.de\/en\/home\/\">\n\t\t\t\t\t\t<span class=\"elementor-button-content-wrapper\">\n\t\t\t\t\t\t\t\t\t<span class=\"elementor-button-text\">Back to the home page<\/span>\n\t\t\t\t\t<\/span>\n\t\t\t\t\t<\/a>\n\t\t\t\t<\/div>\n\t\t\t\t\t\t\t\t<\/div>\n\t\t\t\t<\/div>\n\t\t\t\t<div class=\"elementor-element elementor-element-f60b4a6 elementor-widget elementor-widget-text-editor\" data-id=\"f60b4a6\" data-element_type=\"widget\" data-e-type=\"widget\" data-widget_type=\"text-editor.default\">\n\t\t\t\t<div class=\"elementor-widget-container\">\n\t\t\t\t\t\t\t\t\t<p>Ihre Auszeit in der Ferienwohnung Dreibrodestein<\/p>\t\t\t\t\t\t\t\t<\/div>\n\t\t\t\t<\/div>\n\t\t<div class=\"elementor-element elementor-element-d25fae5 e-grid e-con-boxed e-con e-child\" data-id=\"d25fae5\" data-element_type=\"container\" data-e-type=\"container\">\n\t\t\t\t\t<div class=\"e-con-inner\">\n\t\t\t\t<div class=\"elementor-element elementor-element-beba3d3 elementor-widget elementor-widget-text-editor\" data-id=\"beba3d3\" data-element_type=\"widget\" data-e-type=\"widget\" data-widget_type=\"text-editor.default\">\n\t\t\t\t<div class=\"elementor-widget-container\">\n\t\t\t\t\t\t\t\t\t<p><strong>Wohnung 5 \u2013 gem\u00fctliche Ferienwohnung &#8211; perfekt f\u00fcr zwei Personen!<\/strong><\/p><p data-start=\"186\" data-end=\"479\"><strong data-start=\"186\" data-end=\"285\">Erleben Sie erholsame Tage in unserer charmanten 45\u202fm\u00b2 gro\u00dfen Ferienwohnung in St. Andreasberg.<\/strong> Die Wohnung bietet Platz f\u00fcr bis zu 2 Personen. Ideal f\u00fcr Paare, kleine Familien oder den entspannten Urlaub zu zweit!<\/p><p data-start=\"86\" data-end=\"248\"><strong data-start=\"86\" data-end=\"97\">Visitor's tax<\/strong><br data-start=\"97\" data-end=\"100\" \/>According to the bylaws of the town of St. Andreasberg, a visitor\u2019s tax must be paid upon arrival. This is paid in cash directly on site to the caretaker. If you are in possession of a <strong data-start=\"187\" data-end=\"217\">Severe Disability ID Card<\/strong> you will, of course, receive a <strong data-start=\"261\" data-end=\"291\">discount on the visitor's tax<\/strong>. (Please present your ID or a copy)<\/p><p data-start=\"250\" data-end=\"505\"><strong data-start=\"250\" data-end=\"270\">Please bring<\/strong><br data-start=\"270\" data-end=\"273\" \/>Bettw\u00e4sche, Tisch- und K\u00fcchenw\u00e4sche, sowie Handt\u00fccher und weitere pers\u00f6nliche Gebrauchsgegenst\u00e4nde. Auf Wunsch k\u00f6nnen diese auch vor Ort bestellt werden \u2013 es gilt die Preisliste, die Sie mit der Buchungsbest\u00e4tigung erhalten haben.<\/p><p data-start=\"507\" data-end=\"597\"><strong data-start=\"507\" data-end=\"535\">In der Wohnung vorhanden<\/strong><br data-start=\"535\" data-end=\"538\" \/>The apartment is fully furnished and includes, among other things:<\/p><ul data-start=\"598\" data-end=\"757\"><li data-start=\"598\" data-end=\"616\"><p data-start=\"600\" data-end=\"616\">Dishwasher<\/p><\/li><li data-start=\"617\" data-end=\"635\"><p data-start=\"619\" data-end=\"635\">Coffee maker<\/p><\/li><li data-start=\"636\" data-end=\"647\"><p data-start=\"638\" data-end=\"647\">Toaster<\/p><\/li><li data-start=\"648\" data-end=\"680\"><p data-start=\"650\" data-end=\"680\">Color and flat-screen TVs<\/p><\/li><li data-start=\"681\" data-end=\"689\"><p data-start=\"683\" data-end=\"689\">WLAN<\/p><\/li><li data-start=\"690\" data-end=\"757\"><p data-start=\"692\" data-end=\"757\">Sled<br data-start=\"701\" data-end=\"704\" \/>\u2026and much more to ensure a pleasant stay.<\/p><\/li><\/ul><p data-start=\"759\" data-end=\"830\"><strong data-start=\"759\" data-end=\"770\">Getting Here<\/strong><br data-start=\"770\" data-end=\"773\" \/>Available starting at 4:00 p.m. or by individual arrangement.<\/p><p data-start=\"832\" data-end=\"921\"><strong data-start=\"832\" data-end=\"843\">Departure<\/strong><br data-start=\"843\" data-end=\"846\" \/>By 10:00 a.m. at the latest.\u00a0<\/p>\t\t\t\t\t\t\t\t<\/div>\n\t\t\t\t<\/div>\n\t\t\t\t<div class=\"elementor-element elementor-element-39b404a elementor-widget elementor-widget-image\" data-id=\"39b404a\" data-element_type=\"widget\" data-e-type=\"widget\" data-widget_type=\"image.default\">\n\t\t\t\t<div class=\"elementor-widget-container\">\n\t\t\t\t\t\t\t\t\t\t\t\t\t\t\t<img fetchpriority=\"high\" decoding=\"async\" width=\"1024\" height=\"768\" src=\"https:\/\/ferienwohnungen-walter.de\/wp-content\/uploads\/2026\/01\/IMG_2987-1024x768.jpg\" class=\"attachment-large size-large wp-image-967\" alt=\"Ferienwohnung 05, Wohnbereich, Flur\" srcset=\"https:\/\/ferienwohnungen-walter.de\/wp-content\/uploads\/2026\/01\/IMG_2987-1024x768.jpg 1024w, https:\/\/ferienwohnungen-walter.de\/wp-content\/uploads\/2026\/01\/IMG_2987-300x225.jpg 300w, https:\/\/ferienwohnungen-walter.de\/wp-content\/uploads\/2026\/01\/IMG_2987-768x576.jpg 768w, https:\/\/ferienwohnungen-walter.de\/wp-content\/uploads\/2026\/01\/IMG_2987-1536x1152.jpg 1536w, https:\/\/ferienwohnungen-walter.de\/wp-content\/uploads\/2026\/01\/IMG_2987-2048x1536.jpg 2048w\" sizes=\"(max-width: 1024px) 100vw, 1024px\" \/>\t\t\t\t\t\t\t\t\t\t\t\t\t\t\t<\/div>\n\t\t\t\t<\/div>\n\t\t\t\t\t<\/div>\n\t\t\t\t<\/div>\n\t\t\t\t<\/div>\n\t\t<div class=\"elementor-element elementor-element-698bb08 e-flex e-con-boxed e-con e-parent\" data-id=\"698bb08\" data-element_type=\"container\" data-e-type=\"container\" data-settings=\"{&quot;background_background&quot;:&quot;classic&quot;}\">\n\t\t\t\t\t<div class=\"e-con-inner\">\n\t\t\t\t<div class=\"elementor-element elementor-element-89fdd8d elementor-widget elementor-widget-gallery\" data-id=\"89fdd8d\" data-element_type=\"widget\" data-e-type=\"widget\" data-settings=\"{&quot;gallery_layout&quot;:&quot;justified&quot;,&quot;ideal_row_height&quot;:{&quot;unit&quot;:&quot;px&quot;,&quot;size&quot;:218,&quot;sizes&quot;:[]},&quot;ideal_row_height_mobile&quot;:{&quot;unit&quot;:&quot;px&quot;,&quot;size&quot;:255,&quot;sizes&quot;:[]},&quot;gap&quot;:{&quot;unit&quot;:&quot;px&quot;,&quot;size&quot;:20,&quot;sizes&quot;:[]},&quot;overlay_title&quot;:&quot;caption&quot;,&quot;lazyload&quot;:&quot;yes&quot;,&quot;ideal_row_height_tablet&quot;:{&quot;unit&quot;:&quot;px&quot;,&quot;size&quot;:150,&quot;sizes&quot;:[]},&quot;gap_tablet&quot;:{&quot;unit&quot;:&quot;px&quot;,&quot;size&quot;:10,&quot;sizes&quot;:[]},&quot;gap_mobile&quot;:{&quot;unit&quot;:&quot;px&quot;,&quot;size&quot;:10,&quot;sizes&quot;:[]},&quot;link_to&quot;:&quot;file&quot;,&quot;overlay_background&quot;:&quot;yes&quot;,&quot;content_hover_animation&quot;:&quot;fade-in&quot;}\" data-widget_type=\"gallery.default\">\n\t\t\t\t<div class=\"elementor-widget-container\">\n\t\t\t\t\t\t\t<div class=\"elementor-gallery__container\">\n\t\t\t\t\t\t\t<a class=\"e-gallery-item elementor-gallery-item elementor-animated-content\" href=\"https:\/\/ferienwohnungen-walter.de\/wp-content\/uploads\/2026\/01\/IMG_2987-scaled.jpg\" data-elementor-open-lightbox=\"yes\" data-elementor-lightbox-slideshow=\"89fdd8d\" data-elementor-lightbox-title=\"IMG_2987\" data-elementor-lightbox-description=\"K\u00fcchenbereich\" data-e-action-hash=\"#elementor-action%3Aaction%3Dlightbox%26settings%3DeyJpZCI6OTY3LCJ1cmwiOiJodHRwczpcL1wvZmVyaWVud29obnVuZ2VuLXdhbHRlci5kZVwvd3AtY29udGVudFwvdXBsb2Fkc1wvMjAyNlwvMDFcL0lNR18yOTg3LXNjYWxlZC5qcGciLCJzbGlkZXNob3ciOiI4OWZkZDhkIn0%3D\">\n\t\t\t\t\t<div class=\"e-gallery-image elementor-gallery-item__image\" data-thumbnail=\"https:\/\/ferienwohnungen-walter.de\/wp-content\/uploads\/2026\/01\/IMG_2987-768x576.jpg\" data-width=\"768\" data-height=\"576\" aria-label=\"Ferienwohnung 05, Wohnbereich, Flur\" role=\"img\" ><\/div>\n\t\t\t\t\t\t\t\t\t\t\t<div class=\"elementor-gallery-item__overlay\"><\/div>\n\t\t\t\t\t\t\t\t\t\t\t\t\t\t\t<div class=\"elementor-gallery-item__content\">\n\t\t\t\t\t\t\t\t\t\t\t\t\t\t<div class=\"elementor-gallery-item__title\">\n\t\t\t\t\t\t\t\t\t\t\t\t\t\t\t\t\t\tK\u00fcchenbereich\t\t\t\t\t\t\t\t<\/div>\n\t\t\t\t\t\t\t\t\t\t\t\t<\/div>\n\t\t\t\t\t\t\t\t\t<\/a>\n\t\t\t\t\t\t\t<a class=\"e-gallery-item elementor-gallery-item elementor-animated-content\" href=\"https:\/\/ferienwohnungen-walter.de\/wp-content\/uploads\/2026\/01\/IMG_2983-scaled.jpg\" data-elementor-open-lightbox=\"yes\" data-elementor-lightbox-slideshow=\"89fdd8d\" data-elementor-lightbox-title=\"IMG_2983\" data-e-action-hash=\"#elementor-action%3Aaction%3Dlightbox%26settings%3DeyJpZCI6OTY2LCJ1cmwiOiJodHRwczpcL1wvZmVyaWVud29obnVuZ2VuLXdhbHRlci5kZVwvd3AtY29udGVudFwvdXBsb2Fkc1wvMjAyNlwvMDFcL0lNR18yOTgzLXNjYWxlZC5qcGciLCJzbGlkZXNob3ciOiI4OWZkZDhkIn0%3D\">\n\t\t\t\t\t<div class=\"e-gallery-image elementor-gallery-item__image\" data-thumbnail=\"https:\/\/ferienwohnungen-walter.de\/wp-content\/uploads\/2026\/01\/IMG_2983-768x576.jpg\" data-width=\"768\" data-height=\"576\" aria-label=\"\" role=\"img\" ><\/div>\n\t\t\t\t\t\t\t\t\t\t\t<div class=\"elementor-gallery-item__overlay\"><\/div>\n\t\t\t\t\t\t\t\t\t\t\t\t\t\t\t<div class=\"elementor-gallery-item__content\">\n\t\t\t\t\t\t\t\t\t\t\t<\/div>\n\t\t\t\t\t\t\t\t\t<\/a>\n\t\t\t\t\t\t\t<a class=\"e-gallery-item elementor-gallery-item elementor-animated-content\" href=\"https:\/\/ferienwohnungen-walter.de\/wp-content\/uploads\/2025\/07\/Wohnung5_Toilette_600.jpg\" data-elementor-open-lightbox=\"yes\" data-elementor-lightbox-slideshow=\"89fdd8d\" data-elementor-lightbox-title=\"Wohnung5_Toilette_600\" data-e-action-hash=\"#elementor-action%3Aaction%3Dlightbox%26settings%3DeyJpZCI6NDUxLCJ1cmwiOiJodHRwczpcL1wvZmVyaWVud29obnVuZ2VuLXdhbHRlci5kZVwvd3AtY29udGVudFwvdXBsb2Fkc1wvMjAyNVwvMDdcL1dvaG51bmc1X1RvaWxldHRlXzYwMC5qcGciLCJzbGlkZXNob3ciOiI4OWZkZDhkIn0%3D\">\n\t\t\t\t\t<div class=\"e-gallery-image elementor-gallery-item__image\" data-thumbnail=\"https:\/\/ferienwohnungen-walter.de\/wp-content\/uploads\/2025\/07\/Wohnung5_Toilette_600.jpg\" data-width=\"600\" data-height=\"400\" aria-label=\"\" role=\"img\" ><\/div>\n\t\t\t\t\t\t\t\t\t\t\t<div class=\"elementor-gallery-item__overlay\"><\/div>\n\t\t\t\t\t\t\t\t\t\t\t\t\t\t\t<div class=\"elementor-gallery-item__content\">\n\t\t\t\t\t\t\t\t\t\t\t\t\t\t<div class=\"elementor-gallery-item__title\">\n\t\t\t\t\t\t\t\t\t\t\t\t\t\t\t\t\t\tBathroom\t\t\t\t\t\t\t\t<\/div>\n\t\t\t\t\t\t\t\t\t\t\t\t<\/div>\n\t\t\t\t\t\t\t\t\t<\/a>\n\t\t\t\t\t\t\t<a class=\"e-gallery-item elementor-gallery-item elementor-animated-content\" href=\"https:\/\/ferienwohnungen-walter.de\/wp-content\/uploads\/2025\/07\/Wohnung5_Schlafen_600.jpg\" data-elementor-open-lightbox=\"yes\" data-elementor-lightbox-slideshow=\"89fdd8d\" data-elementor-lightbox-title=\"Wohnung5_Schlafen_600\" data-e-action-hash=\"#elementor-action%3Aaction%3Dlightbox%26settings%3DeyJpZCI6NDUwLCJ1cmwiOiJodHRwczpcL1wvZmVyaWVud29obnVuZ2VuLXdhbHRlci5kZVwvd3AtY29udGVudFwvdXBsb2Fkc1wvMjAyNVwvMDdcL1dvaG51bmc1X1NjaGxhZmVuXzYwMC5qcGciLCJzbGlkZXNob3ciOiI4OWZkZDhkIn0%3D\">\n\t\t\t\t\t<div class=\"e-gallery-image elementor-gallery-item__image\" data-thumbnail=\"https:\/\/ferienwohnungen-walter.de\/wp-content\/uploads\/2025\/07\/Wohnung5_Schlafen_600.jpg\" data-width=\"600\" data-height=\"400\" aria-label=\"\" role=\"img\" ><\/div>\n\t\t\t\t\t\t\t\t\t\t\t<div class=\"elementor-gallery-item__overlay\"><\/div>\n\t\t\t\t\t\t\t\t\t\t\t\t\t\t\t<div class=\"elementor-gallery-item__content\">\n\t\t\t\t\t\t\t\t\t\t\t\t\t\t<div class=\"elementor-gallery-item__title\">\n\t\t\t\t\t\t\t\t\t\t\t\t\t\t\t\t\t\tBedroom\t\t\t\t\t\t\t\t<\/div>\n\t\t\t\t\t\t\t\t\t\t\t\t<\/div>\n\t\t\t\t\t\t\t\t\t<\/a>\n\t\t\t\t\t\t\t<a class=\"e-gallery-item elementor-gallery-item elementor-animated-content\" href=\"https:\/\/ferienwohnungen-walter.de\/wp-content\/uploads\/2025\/07\/Wohnung5_Gang1_600.jpg\" data-elementor-open-lightbox=\"yes\" data-elementor-lightbox-slideshow=\"89fdd8d\" data-elementor-lightbox-title=\"Wohnung5_Gang1_600\" data-e-action-hash=\"#elementor-action%3Aaction%3Dlightbox%26settings%3DeyJpZCI6NDQ4LCJ1cmwiOiJodHRwczpcL1wvZmVyaWVud29obnVuZ2VuLXdhbHRlci5kZVwvd3AtY29udGVudFwvdXBsb2Fkc1wvMjAyNVwvMDdcL1dvaG51bmc1X0dhbmcxXzYwMC5qcGciLCJzbGlkZXNob3ciOiI4OWZkZDhkIn0%3D\">\n\t\t\t\t\t<div class=\"e-gallery-image elementor-gallery-item__image\" data-thumbnail=\"https:\/\/ferienwohnungen-walter.de\/wp-content\/uploads\/2025\/07\/Wohnung5_Gang1_600.jpg\" data-width=\"600\" data-height=\"899\" aria-label=\"\" role=\"img\" ><\/div>\n\t\t\t\t\t\t\t\t\t\t\t<div class=\"elementor-gallery-item__overlay\"><\/div>\n\t\t\t\t\t\t\t\t\t\t\t\t\t\t\t<div class=\"elementor-gallery-item__content\">\n\t\t\t\t\t\t\t\t\t\t\t\t\t\t<div class=\"elementor-gallery-item__title\">\n\t\t\t\t\t\t\t\t\t\t\t\t\t\t\t\t\t\tHallway\t\t\t\t\t\t\t\t<\/div>\n\t\t\t\t\t\t\t\t\t\t\t\t<\/div>\n\t\t\t\t\t\t\t\t\t<\/a>\n\t\t\t\t\t\t\t<a class=\"e-gallery-item elementor-gallery-item elementor-animated-content\" href=\"https:\/\/ferienwohnungen-walter.de\/wp-content\/uploads\/2025\/07\/Wohnung5_aussen_600.jpg\" data-elementor-open-lightbox=\"yes\" data-elementor-lightbox-slideshow=\"89fdd8d\" data-elementor-lightbox-title=\"Wohnung5_aussen_600\" data-e-action-hash=\"#elementor-action%3Aaction%3Dlightbox%26settings%3DeyJpZCI6NDQ2LCJ1cmwiOiJodHRwczpcL1wvZmVyaWVud29obnVuZ2VuLXdhbHRlci5kZVwvd3AtY29udGVudFwvdXBsb2Fkc1wvMjAyNVwvMDdcL1dvaG51bmc1X2F1c3Nlbl82MDAuanBnIiwic2xpZGVzaG93IjoiODlmZGQ4ZCJ9\">\n\t\t\t\t\t<div class=\"e-gallery-image elementor-gallery-item__image\" data-thumbnail=\"https:\/\/ferienwohnungen-walter.de\/wp-content\/uploads\/2025\/07\/Wohnung5_aussen_600.jpg\" data-width=\"600\" data-height=\"400\" aria-label=\"\" role=\"img\" ><\/div>\n\t\t\t\t\t\t\t\t\t\t\t<div class=\"elementor-gallery-item__overlay\"><\/div>\n\t\t\t\t\t\t\t\t\t\t\t\t\t\t\t<div class=\"elementor-gallery-item__content\">\n\t\t\t\t\t\t\t\t\t\t\t\t\t\t<div class=\"elementor-gallery-item__title\">\n\t\t\t\t\t\t\t\t\t\t\t\t\t\t\t\t\t\tTerrasse\t\t\t\t\t\t\t\t<\/div>\n\t\t\t\t\t\t\t\t\t\t\t\t<\/div>\n\t\t\t\t\t\t\t\t\t<\/a>\n\t\t\t\t\t\t\t<a class=\"e-gallery-item elementor-gallery-item elementor-animated-content\" href=\"https:\/\/ferienwohnungen-walter.de\/wp-content\/uploads\/2025\/08\/Grundriss.png\" data-elementor-open-lightbox=\"yes\" data-elementor-lightbox-slideshow=\"89fdd8d\" data-elementor-lightbox-title=\"Grundriss\" data-elementor-lightbox-description=\"Grundriss\" data-e-action-hash=\"#elementor-action%3Aaction%3Dlightbox%26settings%3DeyJpZCI6NzkxLCJ1cmwiOiJodHRwczpcL1wvZmVyaWVud29obnVuZ2VuLXdhbHRlci5kZVwvd3AtY29udGVudFwvdXBsb2Fkc1wvMjAyNVwvMDhcL0dydW5kcmlzcy5wbmciLCJzbGlkZXNob3ciOiI4OWZkZDhkIn0%3D\">\n\t\t\t\t\t<div class=\"e-gallery-image elementor-gallery-item__image\" data-thumbnail=\"https:\/\/ferienwohnungen-walter.de\/wp-content\/uploads\/2025\/08\/Grundriss-768x1178.png\" data-width=\"768\" data-height=\"1178\" aria-label=\"Floor plan\" role=\"img\" ><\/div>\n\t\t\t\t\t\t\t\t\t\t\t<div class=\"elementor-gallery-item__overlay\"><\/div>\n\t\t\t\t\t\t\t\t\t\t\t\t\t\t\t<div class=\"elementor-gallery-item__content\">\n\t\t\t\t\t\t\t\t\t\t\t\t\t\t<div class=\"elementor-gallery-item__title\">\n\t\t\t\t\t\t\t\t\t\t\t\t\t\t\t\t\t\tFloor plan\t\t\t\t\t\t\t\t<\/div>\n\t\t\t\t\t\t\t\t\t\t\t\t<\/div>\n\t\t\t\t\t\t\t\t\t<\/a>\n\t\t\t\t\t<\/div>\n\t\t\t\t\t<\/div>\n\t\t\t\t<\/div>\n\t\t\t\t\t<\/div>\n\t\t\t\t<\/div>\n\t\t<div class=\"elementor-element elementor-element-72231d4 e-flex e-con-boxed e-con e-parent\" data-id=\"72231d4\" data-element_type=\"container\" data-e-type=\"container\" data-settings=\"{&quot;background_background&quot;:&quot;classic&quot;}\">\n\t\t\t\t\t<div class=\"e-con-inner\">\n\t\t<div class=\"elementor-element elementor-element-9968149 e-con-full e-flex e-con e-child\" data-id=\"9968149\" data-element_type=\"container\" data-e-type=\"container\">\n\t\t\t\t<div class=\"elementor-element elementor-element-3c6c3c2 elementor-widget elementor-widget-text-editor\" data-id=\"3c6c3c2\" data-element_type=\"widget\" data-e-type=\"widget\" data-widget_type=\"text-editor.default\">\n\t\t\t\t<div class=\"elementor-widget-container\">\n\t\t\t\t\t\t\t\t\t<p data-start=\"65\" data-end=\"357\">You can find the current rates for your desired dates directly on our apartment's page at <a href=\"https:\/\/www.harz-travel.de\/ferienwohnungen\/st-andreasberg\/95509\/ferienwohnungen-walter-wohnung-5.php\">Harz-Travel<\/a>. There you can also <strong data-start=\"255\" data-end=\"276\">Availability Calendar<\/strong> view and the <strong data-start=\"294\" data-end=\"328\">total cost, including ancillary costs<\/strong> (plus visitor's tax).<\/p><p data-start=\"359\" data-end=\"563\">A <strong data-start=\"364\" data-end=\"390\">non-binding inquiry<\/strong> you can also submit your inquiry there \u2013 we\u2019ll usually respond quickly with a lease agreement, which you can simply sign and return via fax, email, or mail.<\/p><p data-start=\"565\" data-end=\"794\">If you're in a particular hurry, you can also book our apartments directly through <strong data-start=\"645\" data-end=\"696\"><a class=\"\" href=\"https:\/\/www.fewo-direkt.de\/ferienwohnung-ferienhaus\/p2909131\" target=\"_new\" rel=\"noopener\" data-start=\"647\" data-end=\"694\">FeWo-Direkt<\/a><\/strong> book. Please note: There is a <strong data-start=\"741\" data-end=\"771\">additional booking fee<\/strong> by the provider.<\/p>\t\t\t\t\t\t\t\t<\/div>\n\t\t\t\t<\/div>\n\t\t\t\t<div class=\"elementor-element elementor-element-1e2dac7 elementor-mobile-align-center elementor-widget elementor-widget-button\" data-id=\"1e2dac7\" data-element_type=\"widget\" data-e-type=\"widget\" data-widget_type=\"button.default\">\n\t\t\t\t<div class=\"elementor-widget-container\">\n\t\t\t\t\t\t\t\t\t<div class=\"elementor-button-wrapper\">\n\t\t\t\t\t<a class=\"elementor-button elementor-button-link elementor-size-sm\" href=\"https:\/\/ferienwohnungen-walter.de\/en\/home\/\">\n\t\t\t\t\t\t<span class=\"elementor-button-content-wrapper\">\n\t\t\t\t\t\t\t\t\t<span class=\"elementor-button-text\">Back to the home page<\/span>\n\t\t\t\t\t<\/span>\n\t\t\t\t\t<\/a>\n\t\t\t\t<\/div>\n\t\t\t\t\t\t\t\t<\/div>\n\t\t\t\t<\/div>\n\t\t\t\t<\/div>\n\t\t<div class=\"elementor-element elementor-element-65ac8f1 e-con-full e-flex e-con e-child\" data-id=\"65ac8f1\" data-element_type=\"container\" data-e-type=\"container\">\n\t\t\t\t<div class=\"elementor-element elementor-element-955be0c elementor-widget elementor-widget-html\" data-id=\"955be0c\" data-element_type=\"widget\" data-e-type=\"widget\" data-widget_type=\"html.default\">\n\t\t\t\t<div class=\"elementor-widget-container\">\n\t\t\t\t\t<iframe \n  src=\"https:\/\/www.harz-travel.de\/ferienwohnungen\/st-andreasberg\/95509\/ferienwohnungen-walter-wohnung-5.php\" \n  width=\"100%\" \n  height=\"800\" \n  style=\"border: none;\">\n  Ihr Browser unterst\u00fctzt keine iframes.\n<\/iframe>\n\t\t\t\t<\/div>\n\t\t\t\t<\/div>\n\t\t\t\t<\/div>\n\t\t\t\t\t<\/div>\n\t\t\t\t<\/div>\n\t\t<div class=\"elementor-element elementor-element-1e11fbc e-grid e-con-boxed e-con e-parent\" data-id=\"1e11fbc\" data-element_type=\"container\" data-e-type=\"container\" data-settings=\"{&quot;background_background&quot;:&quot;classic&quot;}\">\n\t\t\t\t\t<div class=\"e-con-inner\">\n\t\t\t\t<div class=\"elementor-element elementor-element-fc70b1f elementor-widget elementor-widget-text-editor\" data-id=\"fc70b1f\" data-element_type=\"widget\" data-e-type=\"widget\" data-widget_type=\"text-editor.default\">\n\t\t\t\t<div class=\"elementor-widget-container\">\n\t\t\t\t\t\t\t\t\t<p>Click here to go directly to\u00a0<\/p><p><a href=\"https:\/\/ferienwohnungen-walter.de\/en\/wohnung-1\/\">Apartment 1: Sonnenberg<\/a><\/p>\t\t\t\t\t\t\t\t<\/div>\n\t\t\t\t<\/div>\n\t\t\t\t<div class=\"elementor-element elementor-element-a5ad7b3 elementor-widget elementor-widget-text-editor\" data-id=\"a5ad7b3\" data-element_type=\"widget\" data-e-type=\"widget\" data-widget_type=\"text-editor.default\">\n\t\t\t\t<div class=\"elementor-widget-container\">\n\t\t\t\t\t\t\t\t\t<p>Click here to go directly to\u00a0<\/p><p><a href=\"https:\/\/ferienwohnungen-walter.de\/en\/wohnung-2\/\">Apartment 2: Grube Samson<\/a><\/p>\t\t\t\t\t\t\t\t<\/div>\n\t\t\t\t<\/div>\n\t\t\t\t<div class=\"elementor-element elementor-element-4518314 elementor-widget elementor-widget-text-editor\" data-id=\"4518314\" data-element_type=\"widget\" data-e-type=\"widget\" data-widget_type=\"text-editor.default\">\n\t\t\t\t<div class=\"elementor-widget-container\">\n\t\t\t\t\t\t\t\t\t<p>Click here to go directly to\u00a0<\/p><p><a href=\"https:\/\/ferienwohnungen-walter.de\/en\/wohnung-3\/\"><strong>Apartment 3: Silberh\u00fctte<\/strong><\/a><\/p>\t\t\t\t\t\t\t\t<\/div>\n\t\t\t\t<\/div>\n\t\t\t\t<div class=\"elementor-element elementor-element-f482221 elementor-widget elementor-widget-text-editor\" data-id=\"f482221\" data-element_type=\"widget\" data-e-type=\"widget\" data-widget_type=\"text-editor.default\">\n\t\t\t\t<div class=\"elementor-widget-container\">\n\t\t\t\t\t\t\t\t\t<p>Click here to go directly to\u00a0<\/p><p><a href=\"https:\/\/ferienwohnungen-walter.de\/en\/wohnung-4\/\"><strong>Apartment 4: Freibierquelle<\/strong><\/a><\/p>\t\t\t\t\t\t\t\t<\/div>\n\t\t\t\t<\/div>\n\t\t\t\t<div class=\"elementor-element elementor-element-1ab4ebc elementor-widget elementor-widget-text-editor\" data-id=\"1ab4ebc\" data-element_type=\"widget\" data-e-type=\"widget\" data-widget_type=\"text-editor.default\">\n\t\t\t\t<div class=\"elementor-widget-container\">\n\t\t\t\t\t\t\t\t\t<p>Click here to go directly to\u00a0<\/p><p><a href=\"https:\/\/ferienwohnungen-walter.de\/en\/wohnung-6\/\"><strong>Wohnung 6: Dreibrodestein<\/strong><\/a><\/p>\t\t\t\t\t\t\t\t<\/div>\n\t\t\t\t<\/div>\n\t\t\t\t\t<\/div>\n\t\t\t\t<\/div>\n\t\t<div class=\"elementor-element elementor-element-7659ee0 e-flex e-con-boxed e-con e-parent\" data-id=\"7659ee0\" data-element_type=\"container\" data-e-type=\"container\" data-settings=\"{&quot;background_background&quot;:&quot;classic&quot;}\">\n\t\t\t\t\t<div class=\"e-con-inner\">\n\t\t<div class=\"elementor-element elementor-element-bdbfa07 e-con-full e-flex e-con e-child\" data-id=\"bdbfa07\" data-element_type=\"container\" data-e-type=\"container\">\n\t\t\t\t<div class=\"elementor-element elementor-element-b9d1a4e elementor-widget elementor-widget-text-editor\" data-id=\"b9d1a4e\" data-element_type=\"widget\" data-e-type=\"widget\" data-widget_type=\"text-editor.default\">\n\t\t\t\t<div class=\"elementor-widget-container\">\n\t\t\t\t\t\t\t\t\t<p><a href=\"https:\/\/ferienwohnungen-walter.de\/en\/impressum\/\">LEGAL NOTICE<\/a><\/p>\t\t\t\t\t\t\t\t<\/div>\n\t\t\t\t<\/div>\n\t\t\t\t<\/div>\n\t\t<div class=\"elementor-element elementor-element-36e7106 e-con-full e-flex e-con e-child\" data-id=\"36e7106\" data-element_type=\"container\" data-e-type=\"container\">\n\t\t\t\t<div class=\"elementor-element elementor-element-277fcd5 elementor-widget elementor-widget-text-editor\" data-id=\"277fcd5\" data-element_type=\"widget\" data-e-type=\"widget\" data-widget_type=\"text-editor.default\">\n\t\t\t\t<div class=\"elementor-widget-container\">\n\t\t\t\t\t\t\t\t\t<p><a href=\"https:\/\/ferienwohnungen-walter.de\/en\/datenschutz\/\"><b>PRIVACY POLICY<\/b><\/a><\/p>\t\t\t\t\t\t\t\t<\/div>\n\t\t\t\t<\/div>\n\t\t\t\t<\/div>\n\t\t\t\t\t<\/div>\n\t\t\t\t<\/div>\n\t\t\t\t<\/div>","protected":false},"excerpt":{"rendered":"<p>Zur\u00fcck zur startseite Ihre Auszeit in der Ferienwohnung Dreibrodestein Wohnung 5 \u2013 gem\u00fctliche Ferienwohnung &#8211; perfekt f\u00fcr zwei Personen! Erleben Sie erholsame Tage in unserer charmanten 45\u202fm\u00b2 gro\u00dfen Ferienwohnung in St. Andreasberg. Die Wohnung bietet Platz f\u00fcr bis zu 2 Personen. Ideal f\u00fcr Paare, kleine Familien oder den entspannten Urlaub zu zweit! KurtaxeGem\u00e4\u00df der Satzung [&hellip;]<\/p>\n","protected":false},"author":1,"featured_media":88,"parent":0,"menu_order":0,"comment_status":"closed","ping_status":"closed","template":"elementor_canvas","meta":{"footnotes":""},"class_list":["post-443","page","type-page","status-publish","has-post-thumbnail","hentry"],"yoast_head":"<!-- This site is optimized with the Yoast SEO plugin v27.5 - https:\/\/yoast.com\/product\/yoast-seo-wordpress\/ -->\n<title>Wohnung 5 - Ferienwohnungen Walter<\/title>\n<meta name=\"robots\" content=\"index, follow, max-snippet:-1, max-image-preview:large, max-video-preview:-1\" \/>\n<link rel=\"canonical\" href=\"https:\/\/ferienwohnungen-walter.de\/en\/wohnung-5\/\" \/>\n<meta property=\"og:locale\" content=\"en_US\" \/>\n<meta property=\"og:type\" content=\"article\" \/>\n<meta property=\"og:title\" content=\"Wohnung 5 - Ferienwohnungen Walter\" \/>\n<meta property=\"og:description\" content=\"Zur\u00fcck zur startseite Ihre Auszeit in der Ferienwohnung Dreibrodestein Wohnung 5 \u2013 gem\u00fctliche Ferienwohnung &#8211; perfekt f\u00fcr zwei Personen! Erleben Sie erholsame Tage in unserer charmanten 45\u202fm\u00b2 gro\u00dfen Ferienwohnung in St. Andreasberg. Die Wohnung bietet Platz f\u00fcr bis zu 2 Personen. Ideal f\u00fcr Paare, kleine Familien oder den entspannten Urlaub zu zweit! KurtaxeGem\u00e4\u00df der Satzung [&hellip;]\" \/>\n<meta property=\"og:url\" content=\"https:\/\/ferienwohnungen-walter.de\/en\/wohnung-5\/\" \/>\n<meta property=\"og:site_name\" content=\"Ferienwohnungen Walter\" \/>\n<meta property=\"article:modified_time\" content=\"2026-01-16T11:44:45+00:00\" \/>\n<meta property=\"og:image\" content=\"https:\/\/ferienwohnungen-walter.de\/wp-content\/uploads\/2025\/06\/Wohnung1_Wohnzimmer_800px.jpg\" \/>\n\t<meta property=\"og:image:width\" content=\"800\" \/>\n\t<meta property=\"og:image:height\" content=\"534\" \/>\n\t<meta property=\"og:image:type\" content=\"image\/jpeg\" \/>\n<meta name=\"twitter:card\" content=\"summary_large_image\" \/>\n<meta name=\"twitter:label1\" content=\"Est. reading time\" \/>\n\t<meta name=\"twitter:data1\" content=\"2 minutes\" \/>\n<script type=\"application\/ld+json\" class=\"yoast-schema-graph\">{\"@context\":\"https:\\\/\\\/schema.org\",\"@graph\":[{\"@type\":\"WebPage\",\"@id\":\"https:\\\/\\\/ferienwohnungen-walter.de\\\/wohnung-5\\\/\",\"url\":\"https:\\\/\\\/ferienwohnungen-walter.de\\\/wohnung-5\\\/\",\"name\":\"Wohnung 5 - Ferienwohnungen Walter\",\"isPartOf\":{\"@id\":\"https:\\\/\\\/ferienwohnungen-walter.de\\\/#website\"},\"primaryImageOfPage\":{\"@id\":\"https:\\\/\\\/ferienwohnungen-walter.de\\\/wohnung-5\\\/#primaryimage\"},\"image\":{\"@id\":\"https:\\\/\\\/ferienwohnungen-walter.de\\\/wohnung-5\\\/#primaryimage\"},\"thumbnailUrl\":\"https:\\\/\\\/ferienwohnungen-walter.de\\\/wp-content\\\/uploads\\\/2025\\\/06\\\/Wohnung1_Wohnzimmer_800px.jpg\",\"datePublished\":\"2025-07-16T09:14:14+00:00\",\"dateModified\":\"2026-01-16T11:44:45+00:00\",\"breadcrumb\":{\"@id\":\"https:\\\/\\\/ferienwohnungen-walter.de\\\/wohnung-5\\\/#breadcrumb\"},\"inLanguage\":\"en-US\",\"potentialAction\":[{\"@type\":\"ReadAction\",\"target\":[\"https:\\\/\\\/ferienwohnungen-walter.de\\\/wohnung-5\\\/\"]}]},{\"@type\":\"ImageObject\",\"inLanguage\":\"en-US\",\"@id\":\"https:\\\/\\\/ferienwohnungen-walter.de\\\/wohnung-5\\\/#primaryimage\",\"url\":\"https:\\\/\\\/ferienwohnungen-walter.de\\\/wp-content\\\/uploads\\\/2025\\\/06\\\/Wohnung1_Wohnzimmer_800px.jpg\",\"contentUrl\":\"https:\\\/\\\/ferienwohnungen-walter.de\\\/wp-content\\\/uploads\\\/2025\\\/06\\\/Wohnung1_Wohnzimmer_800px.jpg\",\"width\":800,\"height\":534},{\"@type\":\"BreadcrumbList\",\"@id\":\"https:\\\/\\\/ferienwohnungen-walter.de\\\/wohnung-5\\\/#breadcrumb\",\"itemListElement\":[{\"@type\":\"ListItem\",\"position\":1,\"name\":\"Startseite\",\"item\":\"https:\\\/\\\/ferienwohnungen-walter.de\\\/\"},{\"@type\":\"ListItem\",\"position\":2,\"name\":\"Wohnung 5\"}]},{\"@type\":\"WebSite\",\"@id\":\"https:\\\/\\\/ferienwohnungen-walter.de\\\/#website\",\"url\":\"https:\\\/\\\/ferienwohnungen-walter.de\\\/\",\"name\":\"Ferienwohnungen Walter\",\"description\":\"Echte Erholung im Herzen des Oberharzes\",\"publisher\":{\"@id\":\"https:\\\/\\\/ferienwohnungen-walter.de\\\/#organization\"},\"potentialAction\":[{\"@type\":\"SearchAction\",\"target\":{\"@type\":\"EntryPoint\",\"urlTemplate\":\"https:\\\/\\\/ferienwohnungen-walter.de\\\/?s={search_term_string}\"},\"query-input\":{\"@type\":\"PropertyValueSpecification\",\"valueRequired\":true,\"valueName\":\"search_term_string\"}}],\"inLanguage\":\"en-US\"},{\"@type\":\"Organization\",\"@id\":\"https:\\\/\\\/ferienwohnungen-walter.de\\\/#organization\",\"name\":\"Ferienwohnungen Walter\",\"url\":\"https:\\\/\\\/ferienwohnungen-walter.de\\\/\",\"logo\":{\"@type\":\"ImageObject\",\"inLanguage\":\"en-US\",\"@id\":\"https:\\\/\\\/ferienwohnungen-walter.de\\\/#\\\/schema\\\/logo\\\/image\\\/\",\"url\":\"https:\\\/\\\/ferienwohnungen-walter.de\\\/wp-content\\\/uploads\\\/2025\\\/06\\\/Ferienwohnung_Walter_LOGO.svg\",\"contentUrl\":\"https:\\\/\\\/ferienwohnungen-walter.de\\\/wp-content\\\/uploads\\\/2025\\\/06\\\/Ferienwohnung_Walter_LOGO.svg\",\"width\":184,\"height\":179,\"caption\":\"Ferienwohnungen Walter\"},\"image\":{\"@id\":\"https:\\\/\\\/ferienwohnungen-walter.de\\\/#\\\/schema\\\/logo\\\/image\\\/\"}}]}<\/script>\n<!-- \/ Yoast SEO plugin. -->","yoast_head_json":{"title":"Wohnung 5 - Ferienwohnungen Walter","robots":{"index":"index","follow":"follow","max-snippet":"max-snippet:-1","max-image-preview":"max-image-preview:large","max-video-preview":"max-video-preview:-1"},"canonical":"https:\/\/ferienwohnungen-walter.de\/en\/wohnung-5\/","og_locale":"en_US","og_type":"article","og_title":"Wohnung 5 - Ferienwohnungen Walter","og_description":"Zur\u00fcck zur startseite Ihre Auszeit in der Ferienwohnung Dreibrodestein Wohnung 5 \u2013 gem\u00fctliche Ferienwohnung &#8211; perfekt f\u00fcr zwei Personen! Erleben Sie erholsame Tage in unserer charmanten 45\u202fm\u00b2 gro\u00dfen Ferienwohnung in St. Andreasberg. Die Wohnung bietet Platz f\u00fcr bis zu 2 Personen. Ideal f\u00fcr Paare, kleine Familien oder den entspannten Urlaub zu zweit! KurtaxeGem\u00e4\u00df der Satzung [&hellip;]","og_url":"https:\/\/ferienwohnungen-walter.de\/en\/wohnung-5\/","og_site_name":"Ferienwohnungen Walter","article_modified_time":"2026-01-16T11:44:45+00:00","og_image":[{"width":800,"height":534,"url":"https:\/\/ferienwohnungen-walter.de\/wp-content\/uploads\/2025\/06\/Wohnung1_Wohnzimmer_800px.jpg","type":"image\/jpeg"}],"twitter_card":"summary_large_image","twitter_misc":{"Est. reading time":"2 minutes"},"schema":{"@context":"https:\/\/schema.org","@graph":[{"@type":"WebPage","@id":"https:\/\/ferienwohnungen-walter.de\/wohnung-5\/","url":"https:\/\/ferienwohnungen-walter.de\/wohnung-5\/","name":"Wohnung 5 - Ferienwohnungen Walter","isPartOf":{"@id":"https:\/\/ferienwohnungen-walter.de\/#website"},"primaryImageOfPage":{"@id":"https:\/\/ferienwohnungen-walter.de\/wohnung-5\/#primaryimage"},"image":{"@id":"https:\/\/ferienwohnungen-walter.de\/wohnung-5\/#primaryimage"},"thumbnailUrl":"https:\/\/ferienwohnungen-walter.de\/wp-content\/uploads\/2025\/06\/Wohnung1_Wohnzimmer_800px.jpg","datePublished":"2025-07-16T09:14:14+00:00","dateModified":"2026-01-16T11:44:45+00:00","breadcrumb":{"@id":"https:\/\/ferienwohnungen-walter.de\/wohnung-5\/#breadcrumb"},"inLanguage":"en-US","potentialAction":[{"@type":"ReadAction","target":["https:\/\/ferienwohnungen-walter.de\/wohnung-5\/"]}]},{"@type":"ImageObject","inLanguage":"en-US","@id":"https:\/\/ferienwohnungen-walter.de\/wohnung-5\/#primaryimage","url":"https:\/\/ferienwohnungen-walter.de\/wp-content\/uploads\/2025\/06\/Wohnung1_Wohnzimmer_800px.jpg","contentUrl":"https:\/\/ferienwohnungen-walter.de\/wp-content\/uploads\/2025\/06\/Wohnung1_Wohnzimmer_800px.jpg","width":800,"height":534},{"@type":"BreadcrumbList","@id":"https:\/\/ferienwohnungen-walter.de\/wohnung-5\/#breadcrumb","itemListElement":[{"@type":"ListItem","position":1,"name":"Startseite","item":"https:\/\/ferienwohnungen-walter.de\/"},{"@type":"ListItem","position":2,"name":"Wohnung 5"}]},{"@type":"WebSite","@id":"https:\/\/ferienwohnungen-walter.de\/#website","url":"https:\/\/ferienwohnungen-walter.de\/","name":"Ferienwohnungen Walter","description":"Echte Erholung im Herzen des Oberharzes","publisher":{"@id":"https:\/\/ferienwohnungen-walter.de\/#organization"},"potentialAction":[{"@type":"SearchAction","target":{"@type":"EntryPoint","urlTemplate":"https:\/\/ferienwohnungen-walter.de\/?s={search_term_string}"},"query-input":{"@type":"PropertyValueSpecification","valueRequired":true,"valueName":"search_term_string"}}],"inLanguage":"en-US"},{"@type":"Organization","@id":"https:\/\/ferienwohnungen-walter.de\/#organization","name":"Ferienwohnungen Walter","url":"https:\/\/ferienwohnungen-walter.de\/","logo":{"@type":"ImageObject","inLanguage":"en-US","@id":"https:\/\/ferienwohnungen-walter.de\/#\/schema\/logo\/image\/","url":"https:\/\/ferienwohnungen-walter.de\/wp-content\/uploads\/2025\/06\/Ferienwohnung_Walter_LOGO.svg","contentUrl":"https:\/\/ferienwohnungen-walter.de\/wp-content\/uploads\/2025\/06\/Ferienwohnung_Walter_LOGO.svg","width":184,"height":179,"caption":"Ferienwohnungen Walter"},"image":{"@id":"https:\/\/ferienwohnungen-walter.de\/#\/schema\/logo\/image\/"}}]}},"_links":{"self":[{"href":"https:\/\/ferienwohnungen-walter.de\/en\/wp-json\/wp\/v2\/pages\/443","targetHints":{"allow":["GET"]}}],"collection":[{"href":"https:\/\/ferienwohnungen-walter.de\/en\/wp-json\/wp\/v2\/pages"}],"about":[{"href":"https:\/\/ferienwohnungen-walter.de\/en\/wp-json\/wp\/v2\/types\/page"}],"author":[{"embeddable":true,"href":"https:\/\/ferienwohnungen-walter.de\/en\/wp-json\/wp\/v2\/users\/1"}],"replies":[{"embeddable":true,"href":"https:\/\/ferienwohnungen-walter.de\/en\/wp-json\/wp\/v2\/comments?post=443"}],"version-history":[{"count":13,"href":"https:\/\/ferienwohnungen-walter.de\/en\/wp-json\/wp\/v2\/pages\/443\/revisions"}],"predecessor-version":[{"id":971,"href":"https:\/\/ferienwohnungen-walter.de\/en\/wp-json\/wp\/v2\/pages\/443\/revisions\/971"}],"wp:featuredmedia":[{"embeddable":true,"href":"https:\/\/ferienwohnungen-walter.de\/en\/wp-json\/wp\/v2\/media\/88"}],"wp:attachment":[{"href":"https:\/\/ferienwohnungen-walter.de\/en\/wp-json\/wp\/v2\/media?parent=443"}],"curies":[{"name":"wp","href":"https:\/\/api.w.org\/{rel}","templated":true}]}}