{"id":228,"date":"2025-06-19T10:58:51","date_gmt":"2025-06-19T08:58:51","guid":{"rendered":"https:\/\/ferienwohnungen-walter.de\/?page_id=228"},"modified":"2025-08-04T14:02:31","modified_gmt":"2025-08-04T12:02:31","slug":"datenschutz","status":"publish","type":"page","link":"https:\/\/ferienwohnungen-walter.de\/en\/datenschutz\/","title":{"rendered":"Datenschutz"},"content":{"rendered":"<div data-elementor-type=\"wp-page\" data-elementor-id=\"228\" class=\"elementor elementor-228\" data-elementor-post-type=\"page\">\n\t\t\t\t<div class=\"elementor-element elementor-element-b89dfb1 e-flex e-con-boxed e-con e-parent\" data-id=\"b89dfb1\" data-element_type=\"container\" data-e-type=\"container\" data-settings=\"{&quot;background_background&quot;:&quot;classic&quot;}\">\n\t\t\t\t\t<div class=\"e-con-inner\">\n\t\t\t\t<div class=\"elementor-element elementor-element-ff59a94 elementor-mobile-align-center elementor-widget elementor-widget-button\" data-id=\"ff59a94\" data-element_type=\"widget\" data-e-type=\"widget\" data-widget_type=\"button.default\">\n\t\t\t\t<div class=\"elementor-widget-container\">\n\t\t\t\t\t\t\t\t\t<div class=\"elementor-button-wrapper\">\n\t\t\t\t\t<a class=\"elementor-button elementor-button-link elementor-size-sm\" href=\"https:\/\/ferienwohnungen-walter.de\/en\/home\/\">\n\t\t\t\t\t\t<span class=\"elementor-button-content-wrapper\">\n\t\t\t\t\t\t\t\t\t<span class=\"elementor-button-text\">Back to the home page<\/span>\n\t\t\t\t\t<\/span>\n\t\t\t\t\t<\/a>\n\t\t\t\t<\/div>\n\t\t\t\t\t\t\t\t<\/div>\n\t\t\t\t<\/div>\n\t\t\t\t<div class=\"elementor-element elementor-element-2044d0b elementor-widget elementor-widget-text-editor\" data-id=\"2044d0b\" data-element_type=\"widget\" data-e-type=\"widget\" data-widget_type=\"text-editor.default\">\n\t\t\t\t<div class=\"elementor-widget-container\">\n\t\t\t\t\t\t\t\t\t<!DOCTYPE html>\n<html lang=\"de\">\n<head>\n    <meta charset=\"UTF-8\">\n    <meta name=\"viewport\" content=\"width=device-width, initial-scale=1.0\">\n    <title>Datenschutzerkl\u00e4rung<\/title>\n<\/head>\n<body>\n    <h1>Datenschutzerkl\u00e4rung<\/h1>\n\n    <h2>1. Allgemeine Hinweise<\/h2>\n    <p>\n        Der Schutz Ihrer pers\u00f6nlichen Daten ist uns sehr wichtig. Wir behandeln Ihre personenbezogenen Daten \n        vertraulich und entsprechend den gesetzlichen Datenschutzvorschriften sowie dieser Datenschutzerkl\u00e4rung.\n    <\/p>\n    <p>\n        Diese Datenschutzerkl\u00e4rung informiert Sie dar\u00fcber, welche Daten wir erheben, wof\u00fcr wir sie nutzen \n        und welche Rechte Sie als betroffene Person haben.\n    <\/p>\n\n    <h2>2. Verantwortliche Stelle<\/h2>\n    <p>\n        Ferienwohnungen-Walter<br>\n        Inhaberin: Christine Berger<br>\n        Oberforstbacher Str. 57<br>\n        52076 Aachen<br>\n        Telefon: +49 2408 947345<br>\n        E-Mail: <a href=\"mailto:Buero@Ferienwohnungen-Walter.de\">Buero@Ferienwohnungen-Walter.de<\/a>\n    <\/p>\n\n    <h2>3. Erhebung und Speicherung personenbezogener Daten beim Besuch der Website<\/h2>\n    <p>\n        Beim Aufruf unserer Website werden durch den Hosting-Provider automatisch Informationen erfasst \n        und in sogenannten Server-Logfiles gespeichert. Dies sind insbesondere:\n    <\/p>\n    <ul>\n        <li>IP-Adresse (anonymisiert)<\/li>\n        <li>Datum und Uhrzeit der Anfrage<\/li>\n        <li>Name und URL der abgerufenen Datei<\/li>\n        <li>Website, von der aus der Zugriff erfolgt (Referrer-URL)<\/li>\n        <li>Browsertyp, Browserversion und ggf. das Betriebssystem<\/li>\n    <\/ul>\n    <p>\n        Diese Daten dienen ausschlie\u00dflich der Sicherstellung eines st\u00f6rungsfreien Betriebs der Website \n        und zur Verbesserung unseres Angebots. Eine Zusammenf\u00fchrung mit anderen Datenquellen erfolgt nicht.\n    <\/p>\n\n    <h2>4. Kontaktaufnahme per E-Mail oder Kontaktformular<\/h2>\n    <p>\n        Wenn Sie uns per E-Mail oder \u00fcber ein Kontaktformular Anfragen zukommen lassen, werden Ihre Angaben \n        inklusive der von Ihnen dort angegebenen Kontaktdaten zum Zwecke der Bearbeitung der Anfrage und \n        f\u00fcr den Fall von Anschlussfragen gespeichert.\n    <\/p>\n    <p>\n        Diese Daten geben wir nicht ohne Ihre Einwilligung weiter.<br>\n        <strong>Rechtsgrundlage:<\/strong> Art. 6 Abs. 1 lit. b DSGVO\n    <\/p>\n\n    <h2>5. Cookies<\/h2>\n    <p>\n        Unsere Website verwendet ggf. Cookies. Das sind kleine Textdateien, die auf Ihrem Endger\u00e4t gespeichert \n        werden und keine Sch\u00e4den verursachen.\n    <\/p>\n    <p>\n        Sie k\u00f6nnen die Verwendung von Cookies \u00fcber die Einstellungen Ihres Browsers einschr\u00e4nken oder verhindern.\n    <\/p>\n\n    <h2>6. Kartendienste \/ Google Maps<\/h2>\n    <p>\n        Unsere Website nutzt Google Maps zur Darstellung von interaktiven Karten. Anbieter ist die \n        Google Ireland Limited, Gordon House, Barrow Street, Dublin 4, Irland.\n    <\/p>\n    <p>\n        Zur Nutzung der Funktionen von Google Maps ist es notwendig, Ihre IP-Adresse zu speichern. Diese Informationen \n        werden in der Regel an einen Server von Google in den USA \u00fcbertragen und dort gespeichert. Wir haben keinen \n        Einfluss auf diese Daten\u00fcbertragung.\n    <\/p>\n    <p>\n        Die Nutzung von Google Maps erfolgt im Interesse einer ansprechenden Darstellung unseres Online-Angebots \n        und zur leichten Auffindbarkeit der von uns auf der Website angegebenen Orte.\n    <\/p>\n    <p>\n        <strong>Rechtsgrundlage:<\/strong> Art. 6 Abs. 1 lit. f DSGVO (berechtigtes Interesse)\n    <\/p>\n    <p>\n        Weitere Informationen zum Datenschutz bei Google finden Sie unter:<br>\n        <a href=\"https:\/\/policies.google.com\/privacy\" target=\"_blank\">https:\/\/policies.google.com\/privacy<\/a>\n    <\/p>\n\n    <h2>7. Ihre Rechte<\/h2>\n    <p>Sie haben das Recht:<\/p>\n    <ul>\n        <li>gem\u00e4\u00df Art. 15 DSGVO Auskunft \u00fcber Ihre gespeicherten Daten zu verlangen,<\/li>\n        <li>gem\u00e4\u00df Art. 16 DSGVO Berichtigung unrichtiger oder Vervollst\u00e4ndigung Ihrer gespeicherten Daten zu verlangen,<\/li>\n        <li>gem\u00e4\u00df Art. 17 DSGVO die L\u00f6schung Ihrer Daten zu verlangen,<\/li>\n        <li>gem\u00e4\u00df Art. 18 DSGVO die Einschr\u00e4nkung der Verarbeitung zu verlangen,<\/li>\n        <li>gem\u00e4\u00df Art. 20 DSGVO Daten\u00fcbertragbarkeit zu verlangen,<\/li>\n        <li>gem\u00e4\u00df Art. 77 DSGVO sich bei einer Aufsichtsbeh\u00f6rde zu beschweren.<\/li>\n    <\/ul>\n\n    <h2>8. Widerspruchsrecht<\/h2>\n    <p>\n        Sie k\u00f6nnen der Verarbeitung Ihrer personenbezogenen Daten jederzeit widersprechen \u2013 insbesondere gegen Direktwerbung.\n    <\/p>\n\n    <h2>9. Datensicherheit<\/h2>\n    <p>\n        Wir verwenden geeignete technische und organisatorische Sicherheitsma\u00dfnahmen, um Ihre Daten gegen \n        Manipulation, Verlust oder unbefugten Zugriff Dritter zu sch\u00fctzen.\n    <\/p>\n\n    <h2>10. Aktualit\u00e4t und \u00c4nderung dieser Datenschutzerkl\u00e4rung<\/h2>\n    <p>\n        Diese Datenschutzerkl\u00e4rung ist aktuell g\u00fcltig (Stand: Juni 2025). Durch die Weiterentwicklung unserer Website \n        oder gesetzliche \u00c4nderungen kann es notwendig werden, diese Erkl\u00e4rung zu \u00e4ndern.\n    <\/p>\n<\/body>\n<\/html>\n\t\t\t\t\t\t\t\t<\/div>\n\t\t\t\t<\/div>\n\t\t\t\t\t<\/div>\n\t\t\t\t<\/div>\n\t\t\t\t<\/div>","protected":false},"excerpt":{"rendered":"<p>Zur\u00fcck zur startseite Datenschutzerkl\u00e4rung Datenschutzerkl\u00e4rung 1. Allgemeine Hinweise Der Schutz Ihrer pers\u00f6nlichen Daten ist uns sehr wichtig. Wir behandeln Ihre personenbezogenen Daten vertraulich und entsprechend den gesetzlichen Datenschutzvorschriften sowie dieser Datenschutzerkl\u00e4rung. Diese Datenschutzerkl\u00e4rung informiert Sie dar\u00fcber, welche Daten wir erheben, wof\u00fcr wir sie nutzen und welche Rechte Sie als betroffene Person haben. 2. Verantwortliche Stelle [&hellip;]<\/p>\n","protected":false},"author":1,"featured_media":0,"parent":0,"menu_order":0,"comment_status":"closed","ping_status":"closed","template":"elementor_canvas","meta":{"footnotes":""},"class_list":["post-228","page","type-page","status-publish","hentry"],"yoast_head":"<!-- This site is optimized with the Yoast SEO plugin v27.5 - https:\/\/yoast.com\/product\/yoast-seo-wordpress\/ -->\n<title>Datenschutz - Ferienwohnungen Walter<\/title>\n<meta name=\"robots\" content=\"index, follow, max-snippet:-1, max-image-preview:large, max-video-preview:-1\" \/>\n<link rel=\"canonical\" href=\"https:\/\/ferienwohnungen-walter.de\/en\/datenschutz\/\" \/>\n<meta property=\"og:locale\" content=\"en_US\" \/>\n<meta property=\"og:type\" content=\"article\" \/>\n<meta property=\"og:title\" content=\"Datenschutz - Ferienwohnungen Walter\" \/>\n<meta property=\"og:description\" content=\"Zur\u00fcck zur startseite Datenschutzerkl\u00e4rung Datenschutzerkl\u00e4rung 1. Allgemeine Hinweise Der Schutz Ihrer pers\u00f6nlichen Daten ist uns sehr wichtig. Wir behandeln Ihre personenbezogenen Daten vertraulich und entsprechend den gesetzlichen Datenschutzvorschriften sowie dieser Datenschutzerkl\u00e4rung. Diese Datenschutzerkl\u00e4rung informiert Sie dar\u00fcber, welche Daten wir erheben, wof\u00fcr wir sie nutzen und welche Rechte Sie als betroffene Person haben. 2. Verantwortliche Stelle [&hellip;]\" \/>\n<meta property=\"og:url\" content=\"https:\/\/ferienwohnungen-walter.de\/en\/datenschutz\/\" \/>\n<meta property=\"og:site_name\" content=\"Ferienwohnungen Walter\" \/>\n<meta property=\"article:modified_time\" content=\"2025-08-04T12:02:31+00:00\" \/>\n<meta name=\"twitter:card\" content=\"summary_large_image\" \/>\n<meta name=\"twitter:label1\" content=\"Est. reading time\" \/>\n\t<meta name=\"twitter:data1\" content=\"3 minutes\" \/>\n<script type=\"application\/ld+json\" class=\"yoast-schema-graph\">{\"@context\":\"https:\\\/\\\/schema.org\",\"@graph\":[{\"@type\":\"WebPage\",\"@id\":\"https:\\\/\\\/ferienwohnungen-walter.de\\\/datenschutz\\\/\",\"url\":\"https:\\\/\\\/ferienwohnungen-walter.de\\\/datenschutz\\\/\",\"name\":\"Datenschutz - Ferienwohnungen Walter\",\"isPartOf\":{\"@id\":\"https:\\\/\\\/ferienwohnungen-walter.de\\\/#website\"},\"datePublished\":\"2025-06-19T08:58:51+00:00\",\"dateModified\":\"2025-08-04T12:02:31+00:00\",\"breadcrumb\":{\"@id\":\"https:\\\/\\\/ferienwohnungen-walter.de\\\/datenschutz\\\/#breadcrumb\"},\"inLanguage\":\"en-US\",\"potentialAction\":[{\"@type\":\"ReadAction\",\"target\":[\"https:\\\/\\\/ferienwohnungen-walter.de\\\/datenschutz\\\/\"]}]},{\"@type\":\"BreadcrumbList\",\"@id\":\"https:\\\/\\\/ferienwohnungen-walter.de\\\/datenschutz\\\/#breadcrumb\",\"itemListElement\":[{\"@type\":\"ListItem\",\"position\":1,\"name\":\"Startseite\",\"item\":\"https:\\\/\\\/ferienwohnungen-walter.de\\\/\"},{\"@type\":\"ListItem\",\"position\":2,\"name\":\"Datenschutz\"}]},{\"@type\":\"WebSite\",\"@id\":\"https:\\\/\\\/ferienwohnungen-walter.de\\\/#website\",\"url\":\"https:\\\/\\\/ferienwohnungen-walter.de\\\/\",\"name\":\"Ferienwohnungen Walter\",\"description\":\"Echte Erholung im Herzen des Oberharzes\",\"publisher\":{\"@id\":\"https:\\\/\\\/ferienwohnungen-walter.de\\\/#organization\"},\"potentialAction\":[{\"@type\":\"SearchAction\",\"target\":{\"@type\":\"EntryPoint\",\"urlTemplate\":\"https:\\\/\\\/ferienwohnungen-walter.de\\\/?s={search_term_string}\"},\"query-input\":{\"@type\":\"PropertyValueSpecification\",\"valueRequired\":true,\"valueName\":\"search_term_string\"}}],\"inLanguage\":\"en-US\"},{\"@type\":\"Organization\",\"@id\":\"https:\\\/\\\/ferienwohnungen-walter.de\\\/#organization\",\"name\":\"Ferienwohnungen Walter\",\"url\":\"https:\\\/\\\/ferienwohnungen-walter.de\\\/\",\"logo\":{\"@type\":\"ImageObject\",\"inLanguage\":\"en-US\",\"@id\":\"https:\\\/\\\/ferienwohnungen-walter.de\\\/#\\\/schema\\\/logo\\\/image\\\/\",\"url\":\"https:\\\/\\\/ferienwohnungen-walter.de\\\/wp-content\\\/uploads\\\/2025\\\/06\\\/Ferienwohnung_Walter_LOGO.svg\",\"contentUrl\":\"https:\\\/\\\/ferienwohnungen-walter.de\\\/wp-content\\\/uploads\\\/2025\\\/06\\\/Ferienwohnung_Walter_LOGO.svg\",\"width\":184,\"height\":179,\"caption\":\"Ferienwohnungen Walter\"},\"image\":{\"@id\":\"https:\\\/\\\/ferienwohnungen-walter.de\\\/#\\\/schema\\\/logo\\\/image\\\/\"}}]}<\/script>\n<!-- \/ Yoast SEO plugin. -->","yoast_head_json":{"title":"Datenschutz - Ferienwohnungen Walter","robots":{"index":"index","follow":"follow","max-snippet":"max-snippet:-1","max-image-preview":"max-image-preview:large","max-video-preview":"max-video-preview:-1"},"canonical":"https:\/\/ferienwohnungen-walter.de\/en\/datenschutz\/","og_locale":"en_US","og_type":"article","og_title":"Datenschutz - Ferienwohnungen Walter","og_description":"Zur\u00fcck zur startseite Datenschutzerkl\u00e4rung Datenschutzerkl\u00e4rung 1. Allgemeine Hinweise Der Schutz Ihrer pers\u00f6nlichen Daten ist uns sehr wichtig. Wir behandeln Ihre personenbezogenen Daten vertraulich und entsprechend den gesetzlichen Datenschutzvorschriften sowie dieser Datenschutzerkl\u00e4rung. Diese Datenschutzerkl\u00e4rung informiert Sie dar\u00fcber, welche Daten wir erheben, wof\u00fcr wir sie nutzen und welche Rechte Sie als betroffene Person haben. 2. Verantwortliche Stelle [&hellip;]","og_url":"https:\/\/ferienwohnungen-walter.de\/en\/datenschutz\/","og_site_name":"Ferienwohnungen Walter","article_modified_time":"2025-08-04T12:02:31+00:00","twitter_card":"summary_large_image","twitter_misc":{"Est. reading time":"3 minutes"},"schema":{"@context":"https:\/\/schema.org","@graph":[{"@type":"WebPage","@id":"https:\/\/ferienwohnungen-walter.de\/datenschutz\/","url":"https:\/\/ferienwohnungen-walter.de\/datenschutz\/","name":"Datenschutz - Ferienwohnungen Walter","isPartOf":{"@id":"https:\/\/ferienwohnungen-walter.de\/#website"},"datePublished":"2025-06-19T08:58:51+00:00","dateModified":"2025-08-04T12:02:31+00:00","breadcrumb":{"@id":"https:\/\/ferienwohnungen-walter.de\/datenschutz\/#breadcrumb"},"inLanguage":"en-US","potentialAction":[{"@type":"ReadAction","target":["https:\/\/ferienwohnungen-walter.de\/datenschutz\/"]}]},{"@type":"BreadcrumbList","@id":"https:\/\/ferienwohnungen-walter.de\/datenschutz\/#breadcrumb","itemListElement":[{"@type":"ListItem","position":1,"name":"Startseite","item":"https:\/\/ferienwohnungen-walter.de\/"},{"@type":"ListItem","position":2,"name":"Datenschutz"}]},{"@type":"WebSite","@id":"https:\/\/ferienwohnungen-walter.de\/#website","url":"https:\/\/ferienwohnungen-walter.de\/","name":"Ferienwohnungen Walter","description":"Echte Erholung im Herzen des Oberharzes","publisher":{"@id":"https:\/\/ferienwohnungen-walter.de\/#organization"},"potentialAction":[{"@type":"SearchAction","target":{"@type":"EntryPoint","urlTemplate":"https:\/\/ferienwohnungen-walter.de\/?s={search_term_string}"},"query-input":{"@type":"PropertyValueSpecification","valueRequired":true,"valueName":"search_term_string"}}],"inLanguage":"en-US"},{"@type":"Organization","@id":"https:\/\/ferienwohnungen-walter.de\/#organization","name":"Ferienwohnungen Walter","url":"https:\/\/ferienwohnungen-walter.de\/","logo":{"@type":"ImageObject","inLanguage":"en-US","@id":"https:\/\/ferienwohnungen-walter.de\/#\/schema\/logo\/image\/","url":"https:\/\/ferienwohnungen-walter.de\/wp-content\/uploads\/2025\/06\/Ferienwohnung_Walter_LOGO.svg","contentUrl":"https:\/\/ferienwohnungen-walter.de\/wp-content\/uploads\/2025\/06\/Ferienwohnung_Walter_LOGO.svg","width":184,"height":179,"caption":"Ferienwohnungen Walter"},"image":{"@id":"https:\/\/ferienwohnungen-walter.de\/#\/schema\/logo\/image\/"}}]}},"_links":{"self":[{"href":"https:\/\/ferienwohnungen-walter.de\/en\/wp-json\/wp\/v2\/pages\/228","targetHints":{"allow":["GET"]}}],"collection":[{"href":"https:\/\/ferienwohnungen-walter.de\/en\/wp-json\/wp\/v2\/pages"}],"about":[{"href":"https:\/\/ferienwohnungen-walter.de\/en\/wp-json\/wp\/v2\/types\/page"}],"author":[{"embeddable":true,"href":"https:\/\/ferienwohnungen-walter.de\/en\/wp-json\/wp\/v2\/users\/1"}],"replies":[{"embeddable":true,"href":"https:\/\/ferienwohnungen-walter.de\/en\/wp-json\/wp\/v2\/comments?post=228"}],"version-history":[{"count":10,"href":"https:\/\/ferienwohnungen-walter.de\/en\/wp-json\/wp\/v2\/pages\/228\/revisions"}],"predecessor-version":[{"id":693,"href":"https:\/\/ferienwohnungen-walter.de\/en\/wp-json\/wp\/v2\/pages\/228\/revisions\/693"}],"wp:attachment":[{"href":"https:\/\/ferienwohnungen-walter.de\/en\/wp-json\/wp\/v2\/media?parent=228"}],"curies":[{"name":"wp","href":"https:\/\/api.w.org\/{rel}","templated":true}]}}