{"id":210,"date":"2025-06-18T10:48:28","date_gmt":"2025-06-18T08:48:28","guid":{"rendered":"https:\/\/ferienwohnungen-walter.de\/?page_id=210"},"modified":"2025-11-07T14:22:36","modified_gmt":"2025-11-07T13:22:36","slug":"impressum","status":"publish","type":"page","link":"https:\/\/ferienwohnungen-walter.de\/en\/impressum\/","title":{"rendered":"Impressum"},"content":{"rendered":"<div data-elementor-type=\"wp-page\" data-elementor-id=\"210\" class=\"elementor elementor-210\" data-elementor-post-type=\"page\">\n\t\t\t\t<div class=\"elementor-element elementor-element-b89dfb1 e-flex e-con-boxed e-con e-parent\" data-id=\"b89dfb1\" data-element_type=\"container\" data-e-type=\"container\" data-settings=\"{&quot;background_background&quot;:&quot;classic&quot;}\">\n\t\t\t\t\t<div class=\"e-con-inner\">\n\t\t\t\t<div class=\"elementor-element elementor-element-7e909f6 elementor-mobile-align-center elementor-widget elementor-widget-button\" data-id=\"7e909f6\" data-element_type=\"widget\" data-e-type=\"widget\" data-widget_type=\"button.default\">\n\t\t\t\t<div class=\"elementor-widget-container\">\n\t\t\t\t\t\t\t\t\t<div class=\"elementor-button-wrapper\">\n\t\t\t\t\t<a class=\"elementor-button elementor-button-link elementor-size-sm\" href=\"https:\/\/ferienwohnungen-walter.de\/en\/home\/\">\n\t\t\t\t\t\t<span class=\"elementor-button-content-wrapper\">\n\t\t\t\t\t\t\t\t\t<span class=\"elementor-button-text\">Back to the home page<\/span>\n\t\t\t\t\t<\/span>\n\t\t\t\t\t<\/a>\n\t\t\t\t<\/div>\n\t\t\t\t\t\t\t\t<\/div>\n\t\t\t\t<\/div>\n\t\t\t\t<div class=\"elementor-element elementor-element-2044d0b elementor-widget elementor-widget-text-editor\" data-id=\"2044d0b\" data-element_type=\"widget\" data-e-type=\"widget\" data-widget_type=\"text-editor.default\">\n\t\t\t\t<div class=\"elementor-widget-container\">\n\t\t\t\t\t\t\t\t\t<!DOCTYPE html>\n<html lang=\"de\">\n<head>\n  <meta charset=\"UTF-8\">\n  <title>Impressum &#8211; Ferienwohnungen Walter<\/title>\n<\/head>\n<body>\n  <h1>Impressum<\/h1>\n  <p><strong>Ferienwohnungen-Walter<\/strong><br>\n     Inhaberin: Christine Berger<br>\n     Oberforstbacher Str. 57<br>\n     52076 Aachen<br>\n     Deutschland<\/p>\n\n  <p><strong>Telefon:<\/strong> +49 2408 947345<br>\n     <strong>Fax:<\/strong> +49 2408 947320<br>\n     <strong>E-Mail:<\/strong> <a href=\"mailto:Buero@Ferienwohnungen-Walter.de\">Buero@Ferienwohnungen-Walter.de<\/a><br>\n     <strong>Website:<\/strong> <a href=\"https:\/\/ferienwohnungen-walter.de\/en\/\">www.ferienwohnungen-walter.de<\/a><\/p>\n\n  <p><strong>Umsatzsteuer-Identifikationsnummer<\/strong> gem\u00e4\u00df \u00a7 27a Umsatzsteuergesetz:<br>\n     DE117471330<\/p>\n\n  <p><strong>Verantwortlich f\u00fcr den Inhalt nach \u00a7 55 Abs. 2 RStV:<\/strong><br>\n     Christine Berger<br>\n     Oberforstbacher Str. 57<br>\n     52076 Aachen<\/p>\n\n  <h2>Haftung f\u00fcr Inhalte<\/h2>\n  <p>Als Diensteanbieter sind wir gem\u00e4\u00df \u00a7 7 Abs.1 TMG f\u00fcr eigene Inhalte auf diesen Seiten nach den allgemeinen Gesetzen verantwortlich.\n     Nach \u00a7\u00a7 8 bis 10 TMG sind wir als Diensteanbieter jedoch nicht verpflichtet, \u00fcbermittelte oder gespeicherte fremde Informationen zu \u00fcberwachen\n     oder nach Umst\u00e4nden zu forschen, die auf eine rechtswidrige T\u00e4tigkeit hinweisen.<\/p>\n\n  <p>Verpflichtungen zur Entfernung oder Sperrung der Nutzung von Informationen nach den allgemeinen Gesetzen bleiben hiervon unber\u00fchrt.\n     Eine diesbez\u00fcgliche Haftung ist jedoch erst ab dem Zeitpunkt der Kenntnis einer konkreten Rechtsverletzung m\u00f6glich.\n     Bei Bekanntwerden entsprechender Rechtsverletzungen werden wir diese Inhalte umgehend entfernen.<\/p>\n\n  <h2>Haftung f\u00fcr Links<\/h2>\n  <p>Unsere Seiten enthalten Links zu externen Websites Dritter, auf deren Inhalte wir keinen Einfluss haben.\n     Deshalb k\u00f6nnen wir f\u00fcr diese fremden Inhalte auch keine Gew\u00e4hr \u00fcbernehmen.\n     F\u00fcr die Inhalte der verlinkten Seiten ist stets der jeweilige Anbieter oder Betreiber der Seiten verantwortlich.<\/p>\n\n  <p>Zum Zeitpunkt der Verlinkung wurden die verlinkten Seiten auf m\u00f6gliche Rechtsverst\u00f6\u00dfe \u00fcberpr\u00fcft.\n     Rechtswidrige Inhalte waren zum Zeitpunkt der Verlinkung nicht erkennbar.\n     Eine permanente inhaltliche Kontrolle der verlinkten Seiten ist jedoch ohne konkrete Anhaltspunkte einer Rechtsverletzung nicht zumutbar.\n     Bei Bekanntwerden von Rechtsverletzungen werden wir derartige Links umgehend entfernen.<\/p>\n\n  <h2>Online-Streitbeilegung<\/h2>\n  <p>Die Europ\u00e4ische Kommission stellt eine Plattform zur Online-Streitbeilegung (OS) bereit:<br>\n     <a href=\"https:\/\/ec.europa.eu\/consumers\/odr\" target=\"_blank\" rel=\"noopener\">https:\/\/ec.europa.eu\/consumers\/odr<\/a><\/p>\n\n  <p>Wir sind zur Teilnahme an einem Streitbeilegungsverfahren vor einer Verbraucherschlichtungsstelle weder verpflichtet noch bereit.<\/p>\n<\/body>\n<\/html>\t\t\t\t\t\t\t\t<\/div>\n\t\t\t\t<\/div>\n\t\t\t\t\t<\/div>\n\t\t\t\t<\/div>\n\t\t\t\t<\/div>","protected":false},"excerpt":{"rendered":"<p>Zur\u00fcck zur startseite Impressum &#8211; Ferienwohnungen Walter Impressum Ferienwohnungen-Walter Inhaberin: Christine Berger Oberforstbacher Str. 57 52076 Aachen Deutschland Telefon: +49 2408 947345 Fax: +49 2408 947320 E-Mail: Buero@Ferienwohnungen-Walter.de Website: www.ferienwohnungen-walter.de Umsatzsteuer-Identifikationsnummer gem\u00e4\u00df \u00a7 27a Umsatzsteuergesetz: DE117471330 Verantwortlich f\u00fcr den Inhalt nach \u00a7 55 Abs. 2 RStV: Christine Berger Oberforstbacher Str. 57 52076 Aachen Haftung f\u00fcr [&hellip;]<\/p>\n","protected":false},"author":1,"featured_media":0,"parent":0,"menu_order":0,"comment_status":"closed","ping_status":"closed","template":"elementor_canvas","meta":{"footnotes":""},"class_list":["post-210","page","type-page","status-publish","hentry"],"yoast_head":"<!-- This site is optimized with the Yoast SEO plugin v27.5 - https:\/\/yoast.com\/product\/yoast-seo-wordpress\/ -->\n<title>Impressum - Ferienwohnungen Walter<\/title>\n<meta name=\"robots\" content=\"index, follow, max-snippet:-1, max-image-preview:large, max-video-preview:-1\" \/>\n<link rel=\"canonical\" href=\"https:\/\/ferienwohnungen-walter.de\/en\/impressum\/\" \/>\n<meta property=\"og:locale\" content=\"en_US\" \/>\n<meta property=\"og:type\" content=\"article\" \/>\n<meta property=\"og:title\" content=\"Impressum - Ferienwohnungen Walter\" \/>\n<meta property=\"og:description\" content=\"Zur\u00fcck zur startseite Impressum &#8211; Ferienwohnungen Walter Impressum Ferienwohnungen-Walter Inhaberin: Christine Berger Oberforstbacher Str. 57 52076 Aachen Deutschland Telefon: +49 2408 947345 Fax: +49 2408 947320 E-Mail: Buero@Ferienwohnungen-Walter.de Website: www.ferienwohnungen-walter.de Umsatzsteuer-Identifikationsnummer gem\u00e4\u00df \u00a7 27a Umsatzsteuergesetz: DE117471330 Verantwortlich f\u00fcr den Inhalt nach \u00a7 55 Abs. 2 RStV: Christine Berger Oberforstbacher Str. 57 52076 Aachen Haftung f\u00fcr [&hellip;]\" \/>\n<meta property=\"og:url\" content=\"https:\/\/ferienwohnungen-walter.de\/en\/impressum\/\" \/>\n<meta property=\"og:site_name\" content=\"Ferienwohnungen Walter\" \/>\n<meta property=\"article:modified_time\" content=\"2025-11-07T13:22:36+00:00\" \/>\n<meta name=\"twitter:card\" content=\"summary_large_image\" \/>\n<meta name=\"twitter:label1\" content=\"Est. reading time\" \/>\n\t<meta name=\"twitter:data1\" content=\"2 minutes\" \/>\n<script type=\"application\/ld+json\" class=\"yoast-schema-graph\">{\"@context\":\"https:\\\/\\\/schema.org\",\"@graph\":[{\"@type\":\"WebPage\",\"@id\":\"https:\\\/\\\/ferienwohnungen-walter.de\\\/impressum\\\/\",\"url\":\"https:\\\/\\\/ferienwohnungen-walter.de\\\/impressum\\\/\",\"name\":\"Impressum - Ferienwohnungen Walter\",\"isPartOf\":{\"@id\":\"https:\\\/\\\/ferienwohnungen-walter.de\\\/#website\"},\"datePublished\":\"2025-06-18T08:48:28+00:00\",\"dateModified\":\"2025-11-07T13:22:36+00:00\",\"breadcrumb\":{\"@id\":\"https:\\\/\\\/ferienwohnungen-walter.de\\\/impressum\\\/#breadcrumb\"},\"inLanguage\":\"en-US\",\"potentialAction\":[{\"@type\":\"ReadAction\",\"target\":[\"https:\\\/\\\/ferienwohnungen-walter.de\\\/impressum\\\/\"]}]},{\"@type\":\"BreadcrumbList\",\"@id\":\"https:\\\/\\\/ferienwohnungen-walter.de\\\/impressum\\\/#breadcrumb\",\"itemListElement\":[{\"@type\":\"ListItem\",\"position\":1,\"name\":\"Startseite\",\"item\":\"https:\\\/\\\/ferienwohnungen-walter.de\\\/\"},{\"@type\":\"ListItem\",\"position\":2,\"name\":\"Impressum\"}]},{\"@type\":\"WebSite\",\"@id\":\"https:\\\/\\\/ferienwohnungen-walter.de\\\/#website\",\"url\":\"https:\\\/\\\/ferienwohnungen-walter.de\\\/\",\"name\":\"Ferienwohnungen Walter\",\"description\":\"Echte Erholung im Herzen des Oberharzes\",\"publisher\":{\"@id\":\"https:\\\/\\\/ferienwohnungen-walter.de\\\/#organization\"},\"potentialAction\":[{\"@type\":\"SearchAction\",\"target\":{\"@type\":\"EntryPoint\",\"urlTemplate\":\"https:\\\/\\\/ferienwohnungen-walter.de\\\/?s={search_term_string}\"},\"query-input\":{\"@type\":\"PropertyValueSpecification\",\"valueRequired\":true,\"valueName\":\"search_term_string\"}}],\"inLanguage\":\"en-US\"},{\"@type\":\"Organization\",\"@id\":\"https:\\\/\\\/ferienwohnungen-walter.de\\\/#organization\",\"name\":\"Ferienwohnungen Walter\",\"url\":\"https:\\\/\\\/ferienwohnungen-walter.de\\\/\",\"logo\":{\"@type\":\"ImageObject\",\"inLanguage\":\"en-US\",\"@id\":\"https:\\\/\\\/ferienwohnungen-walter.de\\\/#\\\/schema\\\/logo\\\/image\\\/\",\"url\":\"https:\\\/\\\/ferienwohnungen-walter.de\\\/wp-content\\\/uploads\\\/2025\\\/06\\\/Ferienwohnung_Walter_LOGO.svg\",\"contentUrl\":\"https:\\\/\\\/ferienwohnungen-walter.de\\\/wp-content\\\/uploads\\\/2025\\\/06\\\/Ferienwohnung_Walter_LOGO.svg\",\"width\":184,\"height\":179,\"caption\":\"Ferienwohnungen Walter\"},\"image\":{\"@id\":\"https:\\\/\\\/ferienwohnungen-walter.de\\\/#\\\/schema\\\/logo\\\/image\\\/\"}}]}<\/script>\n<!-- \/ Yoast SEO plugin. -->","yoast_head_json":{"title":"Impressum - Ferienwohnungen Walter","robots":{"index":"index","follow":"follow","max-snippet":"max-snippet:-1","max-image-preview":"max-image-preview:large","max-video-preview":"max-video-preview:-1"},"canonical":"https:\/\/ferienwohnungen-walter.de\/en\/impressum\/","og_locale":"en_US","og_type":"article","og_title":"Impressum - Ferienwohnungen Walter","og_description":"Zur\u00fcck zur startseite Impressum &#8211; Ferienwohnungen Walter Impressum Ferienwohnungen-Walter Inhaberin: Christine Berger Oberforstbacher Str. 57 52076 Aachen Deutschland Telefon: +49 2408 947345 Fax: +49 2408 947320 E-Mail: Buero@Ferienwohnungen-Walter.de Website: www.ferienwohnungen-walter.de Umsatzsteuer-Identifikationsnummer gem\u00e4\u00df \u00a7 27a Umsatzsteuergesetz: DE117471330 Verantwortlich f\u00fcr den Inhalt nach \u00a7 55 Abs. 2 RStV: Christine Berger Oberforstbacher Str. 57 52076 Aachen Haftung f\u00fcr [&hellip;]","og_url":"https:\/\/ferienwohnungen-walter.de\/en\/impressum\/","og_site_name":"Ferienwohnungen Walter","article_modified_time":"2025-11-07T13:22:36+00:00","twitter_card":"summary_large_image","twitter_misc":{"Est. reading time":"2 minutes"},"schema":{"@context":"https:\/\/schema.org","@graph":[{"@type":"WebPage","@id":"https:\/\/ferienwohnungen-walter.de\/impressum\/","url":"https:\/\/ferienwohnungen-walter.de\/impressum\/","name":"Impressum - Ferienwohnungen Walter","isPartOf":{"@id":"https:\/\/ferienwohnungen-walter.de\/#website"},"datePublished":"2025-06-18T08:48:28+00:00","dateModified":"2025-11-07T13:22:36+00:00","breadcrumb":{"@id":"https:\/\/ferienwohnungen-walter.de\/impressum\/#breadcrumb"},"inLanguage":"en-US","potentialAction":[{"@type":"ReadAction","target":["https:\/\/ferienwohnungen-walter.de\/impressum\/"]}]},{"@type":"BreadcrumbList","@id":"https:\/\/ferienwohnungen-walter.de\/impressum\/#breadcrumb","itemListElement":[{"@type":"ListItem","position":1,"name":"Startseite","item":"https:\/\/ferienwohnungen-walter.de\/"},{"@type":"ListItem","position":2,"name":"Impressum"}]},{"@type":"WebSite","@id":"https:\/\/ferienwohnungen-walter.de\/#website","url":"https:\/\/ferienwohnungen-walter.de\/","name":"Ferienwohnungen Walter","description":"Echte Erholung im Herzen des Oberharzes","publisher":{"@id":"https:\/\/ferienwohnungen-walter.de\/#organization"},"potentialAction":[{"@type":"SearchAction","target":{"@type":"EntryPoint","urlTemplate":"https:\/\/ferienwohnungen-walter.de\/?s={search_term_string}"},"query-input":{"@type":"PropertyValueSpecification","valueRequired":true,"valueName":"search_term_string"}}],"inLanguage":"en-US"},{"@type":"Organization","@id":"https:\/\/ferienwohnungen-walter.de\/#organization","name":"Ferienwohnungen Walter","url":"https:\/\/ferienwohnungen-walter.de\/","logo":{"@type":"ImageObject","inLanguage":"en-US","@id":"https:\/\/ferienwohnungen-walter.de\/#\/schema\/logo\/image\/","url":"https:\/\/ferienwohnungen-walter.de\/wp-content\/uploads\/2025\/06\/Ferienwohnung_Walter_LOGO.svg","contentUrl":"https:\/\/ferienwohnungen-walter.de\/wp-content\/uploads\/2025\/06\/Ferienwohnung_Walter_LOGO.svg","width":184,"height":179,"caption":"Ferienwohnungen Walter"},"image":{"@id":"https:\/\/ferienwohnungen-walter.de\/#\/schema\/logo\/image\/"}}]}},"_links":{"self":[{"href":"https:\/\/ferienwohnungen-walter.de\/en\/wp-json\/wp\/v2\/pages\/210","targetHints":{"allow":["GET"]}}],"collection":[{"href":"https:\/\/ferienwohnungen-walter.de\/en\/wp-json\/wp\/v2\/pages"}],"about":[{"href":"https:\/\/ferienwohnungen-walter.de\/en\/wp-json\/wp\/v2\/types\/page"}],"author":[{"embeddable":true,"href":"https:\/\/ferienwohnungen-walter.de\/en\/wp-json\/wp\/v2\/users\/1"}],"replies":[{"embeddable":true,"href":"https:\/\/ferienwohnungen-walter.de\/en\/wp-json\/wp\/v2\/comments?post=210"}],"version-history":[{"count":10,"href":"https:\/\/ferienwohnungen-walter.de\/en\/wp-json\/wp\/v2\/pages\/210\/revisions"}],"predecessor-version":[{"id":937,"href":"https:\/\/ferienwohnungen-walter.de\/en\/wp-json\/wp\/v2\/pages\/210\/revisions\/937"}],"wp:attachment":[{"href":"https:\/\/ferienwohnungen-walter.de\/en\/wp-json\/wp\/v2\/media?parent=210"}],"curies":[{"name":"wp","href":"https:\/\/api.w.org\/{rel}","templated":true}]}}